{"id":11755,"date":"2015-07-01T07:11:13","date_gmt":"2015-07-01T07:11:13","guid":{"rendered":"https:\/\/www.aisilbagno.it\/box-doccia-su-misura\/"},"modified":"2020-03-29T17:09:54","modified_gmt":"2020-03-29T15:09:54","slug":"boite-de-douche-sur-mesure","status":"publish","type":"page","link":"https:\/\/www.aisilbagno.it\/fr\/boite-de-douche-sur-mesure\/","title":{"rendered":"BO\u00ceTE DE DOUCHE SUR MESURE"},"content":{"rendered":"<div id='av_section_1' class='avia-section main_color avia-section-default avia-no-shadow avia-full-stretch avia-bg-style-scroll  avia-builder-el-0  el_before_av_one_full  avia-builder-el-first   av-minimum-height av-minimum-height-custom container_wrap fullsize' style = 'background-repeat: no-repeat; background-image: url(https:\/\/www.aisilbagno.it\/wp-content\/uploads\/2015\/07\/slide-box-doccia-personalizzato.jpg);background-attachment: scroll; background-position: center center; ' data-section-bg-repeat='stretch' ><div class='container' style='height:500px'><main  role=\"main\" itemprop=\"mainContentOfPage\"  class='template-page content  av-content-full alpha units'><div class='post-entry post-entry-type-page post-entry-11755'><div class='entry-content-wrapper clearfix'><\/div><\/div><\/main><!-- close content main element --><\/div><\/div><div id='after_section_1' class='main_color av_default_container_wrap container_wrap fullsize'   ><div class='container' ><div class='template-page content  av-content-full alpha units'><div class='post-entry post-entry-type-page post-entry-11755'><div class='entry-content-wrapper clearfix'>\n<div class=\"flex_column av_one_full  flex_column_div first  avia-builder-el-1  el_after_av_section  el_before_av_section  avia-builder-el-no-sibling  \" ><div  style='padding-bottom:10px; color:#1d3465;font-size:34px;' class='av-special-heading av-special-heading-h3 custom-color-heading blockquote modern-quote modern-centered  avia-builder-el-2  avia-builder-el-no-sibling  av-inherit-size '><h3 class='av-special-heading-tag '  itemprop=\"headline\"  >Avec nous, vous pouvez avoir une cabine de douche personnalis\u00e9e, dans le confort de votre maison.<\/h3><div class='special-heading-border'><div class='special-heading-inner-border' style='border-color:#1d3465'><\/div><\/div><\/div><\/div>\n<\/div><\/div><\/div><!-- close content main div --><\/div><\/div><div id='av_section_2' class='avia-section main_color avia-section-default avia-no-shadow avia-bg-style-scroll  avia-builder-el-3  el_after_av_one_full  el_before_av_section   container_wrap fullsize' style = 'background-image: '  ><div class='container' ><div class='template-page content  av-content-full alpha units'><div class='post-entry post-entry-type-page post-entry-11755'><div class='entry-content-wrapper clearfix'>\n<div class=\"flex_column av_two_third  flex_column_div first  avia-builder-el-4  el_before_av_one_third  avia-builder-el-first  \" ><section class=\"av_textblock_section \"  itemscope=\"itemscope\" itemtype=\"https:\/\/schema.org\/CreativeWork\" ><div class='avia_textblock  '   itemprop=\"text\" ><p><span class=\"tlid-translation translation\" lang=\"fr\"><span class=\"\" title=\"\">Notre boutique est sp\u00e9cialis\u00e9e dans la conception de parois de douche personnalis\u00e9es ou personnalis\u00e9es (Crystal ou Crystal Color avec impression num\u00e9rique du client ou parmi les standards, Profile Color \u00e9galement avec des couleurs Ral) strictement Made in Italy<\/span><\/span><\/p>\n<p><span class=\"\" title=\"\">nous pouvons \u00e9galement fournir<\/span><\/p>\n<p><span title=\"\">Cabine de douche nautique<\/span><\/p>\n<p><span title=\"\">Cabine de douche pour bain turc<\/span><\/p>\n<p>Notre boutique est sp\u00e9cialis\u00e9e dans la conception de cabines de douche sur mesure, de cabines de douche nautiques et de cabines de douche pour bain turc<\/p>\n<p>Avez-vous un receveur de douche avec des mesures sp\u00e9ciales? Le plafond de votre salle de bain est-il inf\u00e9rieur \u00e0 la moyenne? Avez-vous une salle de bain dans le grenier? Avez-vous une bo\u00eete de niche? Avez-vous besoin d&rsquo;un mur en forme?<\/p>\n<p>Nous sommes en mesure de faire des devis gratuits, sur la base de la documentation que vous pouvez joindre gr\u00e2ce au lien sur le c\u00f4t\u00e9. Plus vous enverrez d&rsquo;informations et de photos, plus le prix et les tailles seront pr\u00e9cis.<\/p>\n<p>Pour toute information et clarification notre personnel se fera un plaisir de vous r\u00e9pondre et de vous suivre pas \u00e0 pas dans la r\u00e9alisation de votre cabine de douche.<\/p>\n<p>Si vous avez besoin d&rsquo;un coffret sur mesure en Hauteur vous pouvez d\u00e9j\u00e0 trouver quelques id\u00e9es dans ces liens<\/p>\n<p><strong>Mod\u00e8les Carr\u00e9s<\/strong><\/p>\n<p><a href=\"https:\/\/www.aisilbagno.it\/fr\/cat-cabine-de-douche\/custom-shower-shelf-en-hauteur\/carre\/\">https:\/\/www.aisilbagno.it\/fr\/cat-cabine-de-douche\/custom-shower-shelf-en-hauteur\/carre\/<\/a><\/p>\n<p><strong>Mod\u00e8les Rectangulaires<\/strong><\/p>\n<p><a href=\"https:\/\/www.aisilbagno.it\/fr\/cat-cabine-de-douche\/custom-shower-shelf-en-hauteur\/rectangulaire\/\">https:\/\/www.aisilbagno.it\/fr\/cat-cabine-de-douche\/custom-shower-shelf-en-hauteur\/rectangulaire\/<\/a><\/p>\n<p><strong>Mod\u00e8le Semi-circulaire<\/strong><\/p>\n<p><a href=\"https:\/\/www.aisilbagno.it\/fr\/cat-cabine-de-douche\/custom-shower-shelf-en-hauteur\/demi-circulaire\/\">https:\/\/www.aisilbagno.it\/fr\/cat-cabine-de-douche\/custom-shower-shelf-en-hauteur\/demi-circulaire\/<\/a><\/p>\n<p><strong>Portes de douche coulissantes<\/strong><\/p>\n<p><a href=\"https:\/\/www.aisilbagno.it\/fr\/cat-cabine-de-douche\/custom-shower-shelf-en-hauteur\/portes-de-douche-coulissantes\/\">https:\/\/www.aisilbagno.it\/fr\/cat-cabine-de-douche\/custom-shower-shelf-en-hauteur\/portes-de-douche-coulissantes\/<\/a><\/p>\n<p><strong>Porte Battante<\/strong><\/p>\n<p><a href=\"https:\/\/www.aisilbagno.it\/fr\/cat-cabine-de-douche\/custom-shower-shelf-en-hauteur\/porte-a-charniere\/\">https:\/\/www.aisilbagno.it\/fr\/cat-cabine-de-douche\/custom-shower-shelf-en-hauteur\/porte-a-charniere\/<\/a><\/p>\n<p><strong>Porte 2 portes du carr\u00e9<\/strong><\/p>\n<p><a href=\"https:\/\/www.aisilbagno.it\/fr\/cat-cabine-de-douche\/custom-shower-shelf-en-hauteur\/porte-2-portes-articulees-saloon\/\">https:\/\/www.aisilbagno.it\/fr\/cat-cabine-de-douche\/custom-shower-shelf-en-hauteur\/porte-2-portes-articulees-saloon\/<\/a><\/p>\n<p><strong>Entrer<\/strong><\/p>\n<p><a href=\"https:\/\/www.aisilbagno.it\/fr\/cat-cabine-de-douche\/custom-shower-shelf-en-hauteur\/marche-dans\/\">https:\/\/www.aisilbagno.it\/fr\/cat-cabine-de-douche\/custom-shower-shelf-en-hauteur\/marche-dans\/<\/a><\/p>\n<p>si vous ne trouvez pas votre taille ou ce que vous cherchez<\/p>\n<p>Contactez-nous au 0106512810 ou\u00a0<a href=\"mailto:info@aisilbagno.it\">info@aisilbagno.it<\/a><\/p>\n<\/div><\/section><\/div><div class=\"flex_column av_one_third  flex_column_div   avia-builder-el-6  el_after_av_two_third  avia-builder-el-last  \" ><span  class=\"av_font_icon avia_animate_when_visible avia-icon-animate  av-icon-style-border  avia-icon-pos-center \" style=\"color:#2088ca; border-color:#2088ca;\"><a href='mailto:mailto:info@aisilbagno.it'   class='av-icon-char' style='font-size:30px;line-height:30px;width:30px;' aria-hidden='true' data-av_icon='\ue8e0' data-av_iconfont='antworks' ><\/a><span class='av_icon_caption av-special-font'>CONTACTEZ-NOUS EN ENVOYANT DES PHOTOS, DES TAILLES ET DES D\u00c9TAILS POUR POUVOIR FORMULER UN DEVIS.<\/span><\/span><\/div><\/div><\/div><\/div><!-- close content main div --><\/div><\/div><div id='av_section_3' class='avia-section main_color avia-section-default avia-no-shadow avia-bg-style-scroll  avia-builder-el-8  el_after_av_section  avia-builder-el-last   container_wrap fullsize' style = 'background-image: '  ><div class='container' ><div class='template-page content  av-content-full alpha units'><div class='post-entry post-entry-type-page post-entry-11755'><div class='entry-content-wrapper clearfix'>\n<section class=\"av_textblock_section \"  itemscope=\"itemscope\" itemtype=\"https:\/\/schema.org\/CreativeWork\" ><div class='avia_textblock  '   itemprop=\"text\" ><h4>Voici quelques exemples de cabines de douche personnalis\u00e9es<\/h4>\n<\/div><\/section>\n<div class=\"flex_column av_one_fifth  flex_column_div first  avia-builder-el-10  el_after_av_textblock  el_before_av_one_fifth  column-top-margin\" ><div  class='avia-image-container  av-styling-no-styling    avia-builder-el-11  avia-builder-el-no-sibling  avia-align-center '  itemscope=\"itemscope\" itemtype=\"https:\/\/schema.org\/ImageObject\"  ><div class='avia-image-container-inner'><div class='avia-image-overlay-wrap'><img class='wp-image-12523 avia-img-lazy-loading-not-12523 avia_image' src=\"https:\/\/www.aisilbagno.it\/wp-content\/uploads\/2015\/07\/box-du-misura-1-258x300.jpg\" alt='' title='box du misura 1' height=\"300\" width=\"258\"  itemprop=\"contentURL\" srcset=\"https:\/\/www.aisilbagno.it\/wp-content\/uploads\/2015\/07\/box-du-misura-1-258x300.jpg 258w, https:\/\/www.aisilbagno.it\/wp-content\/uploads\/2015\/07\/box-du-misura-1-607x705.jpg 607w, https:\/\/www.aisilbagno.it\/wp-content\/uploads\/2015\/07\/box-du-misura-1-450x522.jpg 450w, https:\/\/www.aisilbagno.it\/wp-content\/uploads\/2015\/07\/box-du-misura-1.jpg 710w\" sizes=\"(max-width: 258px) 100vw, 258px\" \/><\/div><\/div><\/div><\/div><div class=\"flex_column av_one_fifth  flex_column_div   avia-builder-el-12  el_after_av_one_fifth  el_before_av_one_fifth  column-top-margin\" ><div  class='avia-image-container  av-styling-no-styling    avia-builder-el-13  avia-builder-el-no-sibling  avia-align-center '  itemscope=\"itemscope\" itemtype=\"https:\/\/schema.org\/ImageObject\"  ><div class='avia-image-container-inner'><div class='avia-image-overlay-wrap'><img class='wp-image-12527 avia-img-lazy-loading-not-12527 avia_image' src=\"https:\/\/www.aisilbagno.it\/wp-content\/uploads\/2015\/07\/box-su-misura-2-250x300.jpg\" alt='' title='box su misura 2' height=\"300\" width=\"250\"  itemprop=\"contentURL\" srcset=\"https:\/\/www.aisilbagno.it\/wp-content\/uploads\/2015\/07\/box-su-misura-2-250x300.jpg 250w, https:\/\/www.aisilbagno.it\/wp-content\/uploads\/2015\/07\/box-su-misura-2-587x705.jpg 587w, https:\/\/www.aisilbagno.it\/wp-content\/uploads\/2015\/07\/box-su-misura-2-450x540.jpg 450w, https:\/\/www.aisilbagno.it\/wp-content\/uploads\/2015\/07\/box-su-misura-2.jpg 672w\" sizes=\"(max-width: 250px) 100vw, 250px\" \/><\/div><\/div><\/div><\/div><div class=\"flex_column av_one_fifth  flex_column_div   avia-builder-el-14  el_after_av_one_fifth  el_before_av_one_fifth  column-top-margin\" ><div  class='avia-image-container  av-styling-no-styling    avia-builder-el-15  avia-builder-el-no-sibling  avia-align-center '  itemscope=\"itemscope\" itemtype=\"https:\/\/schema.org\/ImageObject\"  ><div class='avia-image-container-inner'><div class='avia-image-overlay-wrap'><img class='wp-image-12531 avia-img-lazy-loading-not-12531 avia_image' src=\"https:\/\/www.aisilbagno.it\/wp-content\/uploads\/2015\/07\/box-su-misura-3-258x300.jpg\" alt='' title='box su misura 3' height=\"300\" width=\"258\"  itemprop=\"contentURL\" srcset=\"https:\/\/www.aisilbagno.it\/wp-content\/uploads\/2015\/07\/box-su-misura-3-258x300.jpg 258w, https:\/\/www.aisilbagno.it\/wp-content\/uploads\/2015\/07\/box-su-misura-3-605x705.jpg 605w, https:\/\/www.aisilbagno.it\/wp-content\/uploads\/2015\/07\/box-su-misura-3-450x524.jpg 450w, https:\/\/www.aisilbagno.it\/wp-content\/uploads\/2015\/07\/box-su-misura-3.jpg 673w\" sizes=\"(max-width: 258px) 100vw, 258px\" \/><\/div><\/div><\/div><\/div><div class=\"flex_column av_one_fifth  flex_column_div   avia-builder-el-16  el_after_av_one_fifth  el_before_av_one_fourth  column-top-margin\" ><div  class='avia-image-container  av-styling-no-styling    avia-builder-el-17  avia-builder-el-no-sibling  avia-align-center '  itemscope=\"itemscope\" itemtype=\"https:\/\/schema.org\/ImageObject\"  ><div class='avia-image-container-inner'><div class='avia-image-overlay-wrap'><img class='wp-image-12535 avia-img-lazy-loading-not-12535 avia_image' src=\"https:\/\/www.aisilbagno.it\/wp-content\/uploads\/2015\/07\/box-su-misura-4-251x300.jpg\" alt='' title='box su misura 4' height=\"300\" width=\"251\"  itemprop=\"contentURL\" srcset=\"https:\/\/www.aisilbagno.it\/wp-content\/uploads\/2015\/07\/box-su-misura-4-251x300.jpg 251w, https:\/\/www.aisilbagno.it\/wp-content\/uploads\/2015\/07\/box-su-misura-4-591x705.jpg 591w, https:\/\/www.aisilbagno.it\/wp-content\/uploads\/2015\/07\/box-su-misura-4-450x537.jpg 450w, https:\/\/www.aisilbagno.it\/wp-content\/uploads\/2015\/07\/box-su-misura-4.jpg 686w\" sizes=\"(max-width: 251px) 100vw, 251px\" \/><\/div><\/div><\/div><\/div><div class=\"flex_column av_one_fourth  flex_column_div first  avia-builder-el-18  el_after_av_one_fifth  avia-builder-el-last  column-top-margin\" ><div  class='avia-image-container  av-styling-no-styling    avia-builder-el-19  avia-builder-el-no-sibling  avia-align-center '  itemscope=\"itemscope\" itemtype=\"https:\/\/schema.org\/ImageObject\"  ><div class='avia-image-container-inner'><div class='avia-image-overlay-wrap'><img class='wp-image-12539 avia-img-lazy-loading-not-12539 avia_image' src=\"https:\/\/www.aisilbagno.it\/wp-content\/uploads\/2015\/07\/box-su-misura-5-250x300.jpg\" alt='' title='box su misura 5' height=\"300\" width=\"250\"  itemprop=\"contentURL\" srcset=\"https:\/\/www.aisilbagno.it\/wp-content\/uploads\/2015\/07\/box-su-misura-5-250x300.jpg 250w, https:\/\/www.aisilbagno.it\/wp-content\/uploads\/2015\/07\/box-su-misura-5-587x705.jpg 587w, https:\/\/www.aisilbagno.it\/wp-content\/uploads\/2015\/07\/box-su-misura-5-450x541.jpg 450w, https:\/\/www.aisilbagno.it\/wp-content\/uploads\/2015\/07\/box-su-misura-5.jpg 698w\" sizes=\"(max-width: 250px) 100vw, 250px\" \/><\/div><\/div><\/div><\/div>\n<\/p>\n","protected":false},"excerpt":{"rendered":"","protected":false},"author":2,"featured_media":0,"parent":0,"menu_order":0,"comment_status":"closed","ping_status":"closed","template":"","meta":[],"_links":{"self":[{"href":"https:\/\/www.aisilbagno.it\/fr\/wp-json\/wp\/v2\/pages\/11755"}],"collection":[{"href":"https:\/\/www.aisilbagno.it\/fr\/wp-json\/wp\/v2\/pages"}],"about":[{"href":"https:\/\/www.aisilbagno.it\/fr\/wp-json\/wp\/v2\/types\/page"}],"author":[{"embeddable":true,"href":"https:\/\/www.aisilbagno.it\/fr\/wp-json\/wp\/v2\/users\/2"}],"replies":[{"embeddable":true,"href":"https:\/\/www.aisilbagno.it\/fr\/wp-json\/wp\/v2\/comments?post=11755"}],"version-history":[{"count":3,"href":"https:\/\/www.aisilbagno.it\/fr\/wp-json\/wp\/v2\/pages\/11755\/revisions"}],"predecessor-version":[{"id":11992,"href":"https:\/\/www.aisilbagno.it\/fr\/wp-json\/wp\/v2\/pages\/11755\/revisions\/11992"}],"wp:attachment":[{"href":"https:\/\/www.aisilbagno.it\/fr\/wp-json\/wp\/v2\/media?parent=11755"}],"curies":[{"name":"wp","href":"https:\/\/api.w.org\/{rel}","templated":true}]}}