{"id":11081,"date":"2019-04-10T11:20:31","date_gmt":"2019-04-10T09:20:31","guid":{"rendered":"https:\/\/www.aisilbagno.it\/?page_id=11081"},"modified":"2020-01-29T16:42:56","modified_gmt":"2020-01-29T15:42:56","slug":"politica-de-privacidad","status":"publish","type":"page","link":"https:\/\/www.aisilbagno.it\/es\/politica-de-privacidad\/","title":{"rendered":"POL\u00cdTICA DE PRIVACIDAD"},"content":{"rendered":"<div class=\"flex_column av_one_full  flex_column_div first  avia-builder-el-0  avia-builder-el-no-sibling  \" ><section class=\"av_textblock_section \"  itemscope=\"itemscope\" itemtype=\"https:\/\/schema.org\/CreativeWork\" ><div class='avia_textblock  '   itemprop=\"text\" ><h2>POL\u00cdTICA DE PRIVACIDAD<\/h2>\n<p>Estimado cliente,<\/p>\n<p>El Controlador de Datos, en adelante denominado Vendedor, es:<\/p>\n<p>AIS IL BAGNO snc<br \/>\nVIA Bellini Vincenzo 17\/19 \/ R<br \/>\n16152 G\u00e9nova GE<br \/>\nTel. 010 6512810<\/p>\n<p>Para cualquier solicitud con respecto a sus datos, cont\u00e1ctenos en las direcciones mencionadas anteriormente.<\/p>\n<p>El vendedor, para suministrar los productos \/ servicios solicitados, utiliza algunos datos que le conciernen.<\/p>\n<p>Esta es la informaci\u00f3n que usted nos proporciona. Algunos de estos datos son necesarios para su registro en el sitio para proporcionarle el producto \/ servicio que solicit\u00f3 (solo a modo de ejemplo: emisi\u00f3n de facturas, entrega a domicilio, servicios de asistencia postventa &#8230;), otros son opcionales y ser\u00e1n utilizado, con su consentimiento, para fines de informaci\u00f3n comercial (por parte del vendedor, an\u00e1lisis del comportamiento de compra o investigaci\u00f3n de mercado, marketing directo, tambi\u00e9n mediante el uso de m\u00e9todos automatizados (por ejemplo, correo electr\u00f3nico, fax, sms, contacto telef\u00f3nico, &#8230;).<\/p>\n<p>Algunos sujetos externos (procesadores de datos designados) y las siguientes categor\u00edas de sujetos a cargo del procesamiento pueden conocer sus datos: empleados del vendedor, empresa administradora de los servicios prestados al vendedor para el negocio de comercio electr\u00f3nico.<\/p>\n<p>Esta informaci\u00f3n ser\u00e1 almacenada con nosotros; Algunos pueden ser comunicados a los centros de asistencia y reparaci\u00f3n, fabricantes, transportistas.<\/p>\n<p>Tiene derecho a conocer sus datos y a ejercer los diversos derechos relacionados con su uso (correcci\u00f3n, actualizaci\u00f3n, cancelaci\u00f3n, etc.). En cualquier momento puede objetar el procesamiento con fines comerciales y \/ o de marketing.<\/p>\n<p>Ais il Bagno snc como controlador de datos, le informa de conformidad con el art. 13 Decreto Legislativo 30.6.2003 n. 196 (en adelante, \u00abC\u00f3digo de Privacidad\u00bb) y art. 13 Reglamento de la UE n. 2016\/679 (en adelante \u00abGDPR\u00bb) que sus datos se procesar\u00e1n de la siguiente manera y para los siguientes fines:<\/p>\n<p>1. Objeto del tratamiento.<\/p>\n<p>El Propietario procesa datos personales, identificativos (por ejemplo, nombre, apellidos, nombre de la empresa, direcci\u00f3n, n\u00famero de tel\u00e9fono, direcci\u00f3n de correo electr\u00f3nico, banco y detalles de pago, m\u00e1s adelante, \u00abdatos personales\u00bb o \u00abdatos\u00bb) que usted comunique en ocasi\u00f3n para la celebraci\u00f3n de contratos para los servicios del controlador de datos.<\/p>\n<p>2. Objeto del tratamiento.<\/p>\n<p>Sus datos personales se procesan sin su consentimiento expreso (art. 24 letra a), b), c) C\u00f3digo de privacidad y art. 6 lett. b), e) GDPR), para los siguientes fines de servicio:<\/p>\n<p>&#8211; celebrar los contratos de los servicios del propietario;<\/p>\n<p>&#8211; cumplir con las obligaciones precontractuales, contractuales y fiscales derivadas de las relaciones existentes con usted;<\/p>\n<p>&#8211; para cumplir con las obligaciones previstas por la ley, un reglamento, la legislaci\u00f3n de la UE o una orden de la Autoridad (como en el campo del lavado de dinero);<\/p>\n<p>&#8211; ejercer los derechos del propietario, por ejemplo, el derecho a defenderse en los tribunales.<\/p>\n<p>3. M\u00e9todos de procesamiento.<\/p>\n<p>El procesamiento de sus datos personales se realiza mediante las operaciones indicadas en el art. 4 C\u00f3digo de privacidad y al art. 4 n. 2) GDPR y m\u00e1s precisamente: recopilaci\u00f3n, registro, organizaci\u00f3n, almacenamiento, consulta, procesamiento, modificaci\u00f3n, selecci\u00f3n, extracci\u00f3n, comparaci\u00f3n, uso, interconexi\u00f3n, bloqueo, comunicaci\u00f3n, cancelaci\u00f3n y destrucci\u00f3n de datos. Sus datos personales est\u00e1n sujetos a procesamiento tanto en papel como electr\u00f3nico y \/ o automatizado.<\/p>\n<p>El Controlador de datos procesar\u00e1 los datos personales durante el tiempo necesario para cumplir con los prop\u00f3sitos antes mencionados y, en cualquier caso, durante no m\u00e1s de 10 a\u00f1os a partir de la finalizaci\u00f3n de la relaci\u00f3n para los fines del servicio.<\/p>\n<p>4. Acceso a los datos.<\/p>\n<p>Sus datos pueden ser accesibles a los efectos del art. 2:<\/p>\n<p>&#8211; a los empleados y colaboradores del Controlador de datos, en su calidad de designados y \/ o procesadores internos y \/ o administradores del sistema;<\/p>\n<p>&#8211; a empresas de terceros u otros sujetos (por ejemplo, empleados del vendedor, empresa de administraci\u00f3n de servicios prestados al vendedor para la actividad de comercio electr\u00f3nico), que realizan actividades de subcontrataci\u00f3n en nombre del propietario, en su calidad de Procesadores externos.<\/p>\n<p>5. Comunicaci\u00f3n de datos.<\/p>\n<p>Sin la necesidad de consentimiento expreso (de conformidad con el art\u00edculo 24 letra a), b), d) C\u00f3digo de privacidad y art. 6 lett. b) y c) GDPR), el Controlador de datos puede comunicar sus datos para los fines mencionados en el art. 2 a los \u00d3rganos de Supervisi\u00f3n (como IVASS), Autoridades Judiciales, compa\u00f1\u00edas de seguros para la prestaci\u00f3n de servicios de seguros, as\u00ed como a aquellos sujetos a quienes la comunicaci\u00f3n es obligatoria por ley para el cumplimiento de dichos fines. Estos sujetos tratar\u00e1n los datos en su calidad de controladores de datos independientes.<\/p>\n<p>Sus datos no ser\u00e1n divulgados.<\/p>\n<p>6. seguridad<\/p>\n<p>Los datos se guardan y verifican mediante la adopci\u00f3n de medidas de seguridad preventivas adecuadas, destinadas a minimizar los riesgos de p\u00e9rdida y destrucci\u00f3n, el acceso no autorizado, el procesamiento no autorizado y la desviaci\u00f3n de los fines para los que se realiza el procesamiento.<\/p>\n<p>7. Transferencia de datos<\/p>\n<p>La gesti\u00f3n y almacenamiento de datos personales se llevar\u00e1 a cabo dentro de la Uni\u00f3n Europea.<\/p>\n<p>8. Derechos del interesado.<\/p>\n<p>Como parte interesada, usted tiene derecho bajo el art. 15 GDPR y precisamente los derechos de:<\/p>\n<p>i. obtenga la confirmaci\u00f3n de la existencia o no de los datos personales que le conciernen, incluso si a\u00fan no est\u00e1n registrados, y su comunicaci\u00f3n en forma inteligible;<\/p>\n<p>ii. Obtener la indicaci\u00f3n: a) del origen de los datos personales; b) los prop\u00f3sitos y m\u00e9todos de procesamiento; c) la l\u00f3gica aplicada en el caso de procesamiento realizado con la ayuda de instrumentos electr\u00f3nicos; d) de los datos de identificaci\u00f3n relativos al controlador de datos, a los procesadores de datos y al representante designado de conformidad con el art. 5, p\u00e1rrafo 2 del C\u00f3digo de Privacidad y art. 3, p\u00e1rrafo 1, GDPR; e) los sujetos o categor\u00edas de sujetos a quienes se pueden comunicar los datos personales o quienes pueden conocerlos como representantes designados en el Estado, gerentes o personas designadas;<\/p>\n<p>iii. obtener: a) actualizaci\u00f3n, rectificaci\u00f3n o integraci\u00f3n de datos; b) la eliminaci\u00f3n, la transformaci\u00f3n en forma an\u00f3nima o el bloqueo de los datos procesados ??en violaci\u00f3n de la ley, incluidos los datos que no es necesario conservar para los fines para los cuales los datos fueron recopilados o procesados ??posteriormente; c) la declaraci\u00f3n de que las operaciones mencionadas en las letras a) yb) se han se\u00f1alado a la atenci\u00f3n, tambi\u00e9n con respecto a su contenido, de aquellos a quienes se les ha comunicado o difundido los datos, excepto en el caso de que se produzca tal cumplimiento. resulta imposible o implica un uso manifiestamente desproporcionado de los recursos con respecto al derecho protegido;<\/p>\n<p>iv. objetar, en todo o en parte, por razones leg\u00edtimas al procesamiento de datos personales que le conciernen, incluso si son pertinentes para el prop\u00f3sito de la recopilaci\u00f3n.<\/p>\n<p>En su caso, tambi\u00e9n tiene los derechos mencionados en los art\u00edculos. 16-21 GDPR (Derecho de rectificaci\u00f3n, derecho a ser olvidado, derecho a limitar el tratamiento, derecho a la portabilidad de datos, derecho a objetar), as\u00ed como el derecho a presentar una queja ante la Autoridad del Garante.<\/p>\n<p>9. Modo de ejercicio de los derechos.<\/p>\n<p>Usted puede ejercer sus derechos en cualquier momento enviando un aviso:<\/p>\n<p>-info@aisilbagno.it<\/p>\n<p>&#8211; o por correo A.R., a: Ais Il bagno snc Via V.Bellini 17-19R 16152 G\u00e9nova<\/p>\n<p>&#8211; Propietario, gerente y nombrados.<\/p>\n<p>El controlador de datos es Ais il Bagno snc<\/p>\n<p>La lista actualizada de procesadores de datos y procesadores de datos se mantiene y se puede consultar en la sede del controlador de datos.<\/p>\n<p>Informaci\u00f3n previa sobre el tratamiento de datos personales conforme al Decreto Legislativo 196\/03.<\/p>\n<p>De conformidad con el art. 13 del Decreto Legislativo 30\/06\/2003, n. 196 \u00abC\u00f3digo sobre la protecci\u00f3n de datos personales\u00bb (en adelante, el C\u00f3digo) &#8211; Ais il Bagno snc con referencia a los datos personales adquiridos o por adquirir (a modo de ejemplo: personal, fiscal, personal, contabilidad, etc.) en relaci\u00f3n con a las relaciones contractuales entre el Cliente y las que se puedan mantener en el futuro, informa que:<\/p>\n<p>1) Los datos se procesar\u00e1n de manera que garanticen la seguridad y la confidencialidad y tambi\u00e9n se podr\u00e1n llevar a cabo con la ayuda de medios electr\u00f3nicos y \/ o autom\u00e1ticos, para fines relacionados con el cumplimiento de las obligaciones previstas en las Condiciones Generales del Contrato, para verificaciones y evaluaciones sobre los resultados y el progreso de la relaci\u00f3n, as\u00ed como sobre los riesgos relacionados con ella (es decir, por ejemplo: veracidad de los datos suministrados, solvencia incluso en el curso de la relaci\u00f3n, etc.) debido a requisitos legales y \/ u organizativos P\u00fablico, para actividades promocionales de productos Ais il Bagno snc y para fines comerciales y \/ o de marketing tambi\u00e9n a trav\u00e9s del uso de las coordenadas de correo electr\u00f3nico del Cliente.<\/p>\n<p>2) La provisi\u00f3n de datos es opcional, sin embargo, una negativa a proporcionar el mismo podr\u00eda causar dificultades en la conclusi\u00f3n (a modo de ejemplo, los datos de identificaci\u00f3n del Cliente, el C\u00f3digo Tributario, el n\u00famero de IVA, etc.), la ejecuci\u00f3n y la gesti\u00f3n (y es decir, por ejemplo, los datos relacionados con la cuenta bancaria del Cliente, las actividades del Cliente, los nombres y poderes del Representante Legal del Cliente, los datos financieros, financieros o econ\u00f3micos en general, etc.) del Contrato.<\/p>\n<p>3) Los datos, adem\u00e1s de ser procesados ??por Ais il Bagno snc se comunicar\u00e1n a ciertos sujetos designados por el mismo para el desempe\u00f1o de algunas actividades que no pueden llevarse a cabo o que se consideran inapropiadas para realizar dentro de su propia organizaci\u00f3n. Estos servicios tambi\u00e9n incluyen el procesamiento de datos para el logro de los fines contractuales, a empresas especializadas en la organizaci\u00f3n de conferencias, administraci\u00f3n, telemarketing, para la promoci\u00f3n de productos Ais il Bagno snc para llevar a cabo actividades espec\u00edficas, siempre inherentes a la la ejecuci\u00f3n de la relaci\u00f3n, a trav\u00e9s de contratos de subcontrataci\u00f3n, gesti\u00f3n de cr\u00e9dito y todos los temas a los que se debe la comunicaci\u00f3n en virtud de obligaciones legales y \/ o contractuales. Una lista de estos temas, actualizada peri\u00f3dicamente, est\u00e1 disponible en la oficina registrada de la compa\u00f1\u00eda y se puede enviar por simple solicitud.<\/p>\n<p>4) Los datos se comunicar\u00e1n a compa\u00f1\u00edas italianas y extranjeras, controlando, controlando y \/ o incluso conectando indirectamente a todas las compa\u00f1\u00edas con las que mantenemos relaciones de reventa de productos, y pueden ser transferidos a pa\u00edses pertenecientes a la Uni\u00f3n Europea.<\/p>\n<p>5) Los datos tambi\u00e9n se comunicar\u00e1n a las Administraciones P\u00fablicas, a los Auditores Independientes ya todos los sujetos a quienes se debe la comunicaci\u00f3n en virtud de obligaciones legales y \/ o contractuales.<\/p>\n<p>6) El controlador de datos es Ais il Bagno snc Via Vincenzo Bellini 17-19R 16152 G\u00e9nova contra el cual el Usuario puede ejercer los derechos a los que se hace referencia en el art. 7 del C\u00f3digo y, en particular:<\/p>\n<ul>\n<li>\u00a0\u00a0\u00a0\u00a0conocer la existencia o no de datos personales que le conciernen y hacer que se comuniquen de forma inteligible;<\/li>\n<li>estar informado sobre el propietario, los prop\u00f3sitos y m\u00e9todos del procesamiento y el eventual responsable, sobre los temas o categor\u00edas de sujetos<\/li>\n<li>quienes se pueden comunicar los datos personales;<\/li>\n<li>Obtener la actualizaci\u00f3n, rectificaci\u00f3n o integraci\u00f3n de datos;<\/li>\n<li>obtener la cancelaci\u00f3n, transformaci\u00f3n en forma an\u00f3nima o bloqueo de la misma;<\/li>\n<li>oponerse al procesamiento de datos por razones leg\u00edtimas, sujeto a los l\u00edmites establecidos por la ley;<\/li>\n<li>oponerse al env\u00edo de material publicitario o para realizar estudios de mercado o comunicaci\u00f3n comercial.<\/li>\n<\/ul>\n<p>El texto completo del art. 7 del Decreto Legislativo 196\/2003 sobre los derechos de la parte interesada est\u00e1 disponible en el sitio web www.garanteprivacy.it<\/p>\n<p>7) Los datos personales adquiridos pueden ser comunicados, en cualquier caso de manera confidencial, a los sujetos que, a su vez, suministran al Proveedor y son transferidos a sus oficinas para llevar a cabo un an\u00e1lisis de mercado, planificar los procesos de venta y divulgaci\u00f3n del Actividades realizadas por el canal indirecto. Estas partes, al procesar los datos personales como se indic\u00f3 anteriormente, de manera diferente y no relacionada con el procesamiento realizado por el proveedor, act\u00faan en todos los aspectos como controladores de datos.<\/p>\n<p>7Pixel S.r.l., en la persona de su representante legal, es el responsable de procesar los datos del Usuario (direcci\u00f3n de correo electr\u00f3nico) para manejar las solicitudes de comentarios en el \u00e1rea del Programa de confianza del sitio web www.trovaprezzi.it<\/p>\n<\/div><\/section><\/div>\n","protected":false},"excerpt":{"rendered":"","protected":false},"author":2,"featured_media":0,"parent":0,"menu_order":0,"comment_status":"closed","ping_status":"closed","template":"","meta":[],"_links":{"self":[{"href":"https:\/\/www.aisilbagno.it\/es\/wp-json\/wp\/v2\/pages\/11081"}],"collection":[{"href":"https:\/\/www.aisilbagno.it\/es\/wp-json\/wp\/v2\/pages"}],"about":[{"href":"https:\/\/www.aisilbagno.it\/es\/wp-json\/wp\/v2\/types\/page"}],"author":[{"embeddable":true,"href":"https:\/\/www.aisilbagno.it\/es\/wp-json\/wp\/v2\/users\/2"}],"replies":[{"embeddable":true,"href":"https:\/\/www.aisilbagno.it\/es\/wp-json\/wp\/v2\/comments?post=11081"}],"version-history":[{"count":4,"href":"https:\/\/www.aisilbagno.it\/es\/wp-json\/wp\/v2\/pages\/11081\/revisions"}],"predecessor-version":[{"id":11901,"href":"https:\/\/www.aisilbagno.it\/es\/wp-json\/wp\/v2\/pages\/11081\/revisions\/11901"}],"wp:attachment":[{"href":"https:\/\/www.aisilbagno.it\/es\/wp-json\/wp\/v2\/media?parent=11081"}],"curies":[{"name":"wp","href":"https:\/\/api.w.org\/{rel}","templated":true}]}}