{"id":12164,"date":"2020-04-02T16:31:30","date_gmt":"2020-04-02T14:31:30","guid":{"rendered":"https:\/\/www.aisilbagno.it\/boite-de-douche\/"},"modified":"2020-04-03T09:53:23","modified_gmt":"2020-04-03T07:53:23","slug":"duschkabine","status":"publish","type":"page","link":"https:\/\/www.aisilbagno.it\/de\/duschkabine\/","title":{"rendered":"Duschkabine"},"content":{"rendered":"<div id='av_section_1' class='avia-section main_color avia-section-default avia-no-shadow avia-bg-style-scroll  avia-builder-el-0  el_before_av_layout_row  avia-builder-el-first   container_wrap fullsize' style = 'background-image: '  ><div class='container' ><main  role=\"main\" itemprop=\"mainContentOfPage\"  class='template-page content  av-content-full alpha units'><div class='post-entry post-entry-type-page post-entry-12164'><div class='entry-content-wrapper clearfix'>\n<div class=\"flex_column av_one_fourth  flex_column_div first  avia-builder-el-1  el_before_av_one_half  avia-builder-el-first  \" ><div   class='hr hr-default   avia-builder-el-2  avia-builder-el-no-sibling '><span class='hr-inner ' ><span class='hr-inner-style'><\/span><\/span><\/div><\/div><div class=\"flex_column av_one_half  flex_column_div   avia-builder-el-3  el_after_av_one_fourth  el_before_av_one_fourth  \" ><section class=\"av_textblock_section \"  itemscope=\"itemscope\" itemtype=\"https:\/\/schema.org\/CreativeWork\" ><div class='avia_textblock  av_inherit_color '  style='color:#1c3b96; '  itemprop=\"text\" ><h3 style=\"text-align: center;\">DUSCHKABINE<\/h3>\n<\/div><\/section><\/div><div class=\"flex_column av_one_fourth  flex_column_div   avia-builder-el-5  el_after_av_one_half  avia-builder-el-last  \" ><div   class='hr hr-default   avia-builder-el-6  avia-builder-el-no-sibling '><span class='hr-inner ' ><span class='hr-inner-style'><\/span><\/span><\/div><\/div>\n\n<\/div><\/div><\/main><!-- close content main element --><\/div><\/div><div id='masonry-container' class='av-layout-grid-container entry-content-wrapper main_color av-flex-cells av-break-at-tablet    avia-builder-el-7  el_after_av_section  el_before_av_layout_row  submenu-not-first container_wrap fullsize'   >\n<div class=\"flex_cell no_margin av_one_third  avia-builder-el-8  el_before_av_cell_one_third  avia-builder-el-first  masonry-column  av-zero-padding \"  style='vertical-align:top; padding:0px; ' ><div class='flex_cell_inner' ><div class='flex_column_table av-equal-height-column-flextable -flextable' ><div class=\"flex_column av_one_full  avia-full-stretch no_margin flex_column_table_cell av-equal-height-column av-align-top av-zero-column-padding avia-link-column av-column-link first  avia-builder-el-9  avia-builder-el-no-sibling  masonry-block \" style='background:url(https:\/\/www.aisilbagno.it\/wp-content\/uploads\/2020\/02\/ais-il-bagno-box-doccia-quadrato.jpg) center center no-repeat ; border-radius:0px; ' data-link-column-url=\"\/de\/kat-duschkabine\/duschkabine\/quadratische-kaesten\/\" ><a class=\"av-screen-reader-only\" href=\/de\/kat-duschkabine\/duschkabine\/quadratische-kaesten\/ >Folge einem manuell hinzugef\u00fcgten Link<\/a><p><div  style='height:100px' class='hr hr-invisible   avia-builder-el-10  el_before_av_textblock  avia-builder-el-first '><span class='hr-inner ' ><span class='hr-inner-style'><\/span><\/span><\/div><br \/>\n<section class=\"av_textblock_section \"  itemscope=\"itemscope\" itemtype=\"https:\/\/schema.org\/CreativeWork\" ><div class='avia_textblock ais-primary-link av_inherit_color '  style='color:#424242; '  itemprop=\"text\" ><p style=\"text-align: center;\"><a href=\"\/de\/kat-duschkabine\/duschkabine\/quadratische-kaesten\/\"><strong style=\"font-size: 14px;\">Quadratische K\u00e4sten<\/strong><br \/>\n<\/a><\/p>\n<\/div><\/section><br \/>\n<div  style='height:100px' class='hr hr-invisible   avia-builder-el-12  el_after_av_textblock  avia-builder-el-last '><span class='hr-inner ' ><span class='hr-inner-style'><\/span><\/span><\/div><\/p><\/div><\/div><!--close column table wrapper. Autoclose: 1 -->\n<\/div><\/div><div class=\"flex_cell no_margin av_one_third  avia-builder-el-13  el_after_av_cell_one_third  el_before_av_cell_one_third  masonry-column  av-zero-padding \"  style='vertical-align:top; padding:0px; ' ><div class='flex_cell_inner' ><div class='flex_column_table av-equal-height-column-flextable -flextable' ><div class=\"flex_column av_one_full  avia-full-stretch no_margin flex_column_table_cell av-equal-height-column av-align-top av-zero-column-padding avia-link-column av-column-link first  avia-builder-el-14  avia-builder-el-no-sibling  masonry-block \" style='background:url(https:\/\/www.aisilbagno.it\/wp-content\/uploads\/2020\/02\/ais-il-bagno-box-doccia-rettangolare.jpg) center center no-repeat ; border-radius:0px; ' data-link-column-url=\"\/de\/kat-duschkabine\/duschkabine\/rechteckige-boxen\/\" ><a class=\"av-screen-reader-only\" href=\/de\/kat-duschkabine\/duschkabine\/rechteckige-boxen\/ >Folge einem manuell hinzugef\u00fcgten Link<\/a><p><div  style='height:100px' class='hr hr-invisible   avia-builder-el-15  el_before_av_textblock  avia-builder-el-first '><span class='hr-inner ' ><span class='hr-inner-style'><\/span><\/span><\/div><br \/>\n<section class=\"av_textblock_section \"  itemscope=\"itemscope\" itemtype=\"https:\/\/schema.org\/CreativeWork\" ><div class='avia_textblock ais-primary-link av_inherit_color '  style='color:#424242; '  itemprop=\"text\" ><p style=\"text-align: center;\"><a href=\"\/de\/kat-duschkabine\/duschkabine\/rechteckige-boxen\/\"><strong style=\"font-size: 14px;\">Rechteckige K\u00e4sten<\/strong><br \/>\n<\/a><\/p>\n<\/div><\/section><br \/>\n<div  style='height:100px' class='hr hr-invisible   avia-builder-el-17  el_after_av_textblock  avia-builder-el-last '><span class='hr-inner ' ><span class='hr-inner-style'><\/span><\/span><\/div><\/p><\/div><\/div><!--close column table wrapper. Autoclose: 1 -->\n<\/div><\/div><div class=\"flex_cell no_margin av_one_third  avia-builder-el-18  el_after_av_cell_one_third  avia-builder-el-last  masonry-column  av-zero-padding \"  style='vertical-align:top; padding:0px; ' ><div class='flex_cell_inner' ><div class='flex_column_table av-equal-height-column-flextable -flextable' ><div class=\"flex_column av_one_full  avia-full-stretch no_margin flex_column_table_cell av-equal-height-column av-align-top av-zero-column-padding avia-link-column av-column-link first  avia-builder-el-19  avia-builder-el-no-sibling  masonry-block \" style='background:url(https:\/\/www.aisilbagno.it\/wp-content\/uploads\/2020\/02\/ais-il-bagno-box-doccia-scorrevole.jpg) center center no-repeat ; border-radius:0px; ' data-link-column-url=\"\/de\/kat-duschkasten\/duschtueren\/schiebetueren\/\" ><a class=\"av-screen-reader-only\" href=\/de\/kat-duschkasten\/duschtueren\/schiebetueren\/ >Folge einem manuell hinzugef\u00fcgten Link<\/a><p><div  style='height:100px' class='hr hr-invisible   avia-builder-el-20  el_before_av_textblock  avia-builder-el-first '><span class='hr-inner ' ><span class='hr-inner-style'><\/span><\/span><\/div><br \/>\n<section class=\"av_textblock_section \"  itemscope=\"itemscope\" itemtype=\"https:\/\/schema.org\/CreativeWork\" ><div class='avia_textblock ais-primary-link av_inherit_color '  style='color:#424242; '  itemprop=\"text\" ><p style=\"text-align: center;\"><a href=\"\/de\/kat-duschkasten\/duschtueren\/schiebetueren\/\"><strong>Schiebet\u00fcren<\/strong><br \/>\n<\/a><\/p>\n<\/div><\/section><br \/>\n<div  style='height:100px' class='hr hr-invisible   avia-builder-el-22  el_after_av_textblock  avia-builder-el-last '><span class='hr-inner ' ><span class='hr-inner-style'><\/span><\/span><\/div><\/p><\/div><\/div><!--close column table wrapper. Autoclose: 1 -->\n<\/div><\/div>\n<\/div>\n<div id='masonry-container' class='av-layout-grid-container entry-content-wrapper main_color av-flex-cells av-break-at-tablet    avia-builder-el-23  el_after_av_layout_row  el_before_av_layout_row  submenu-not-first container_wrap fullsize'   >\n<div class=\"flex_cell no_margin av_one_third  avia-builder-el-24  el_before_av_cell_one_third  avia-builder-el-first  masonry-column  av-zero-padding \"  style='vertical-align:top; padding:0px; ' ><div class='flex_cell_inner' ><div class='flex_column_table av-equal-height-column-flextable -flextable' ><div class=\"flex_column av_one_full  avia-full-stretch no_margin flex_column_table_cell av-equal-height-column av-align-top av-zero-column-padding avia-link-column av-column-link first  avia-builder-el-25  avia-builder-el-no-sibling  masonry-block \" style='background:url(https:\/\/www.aisilbagno.it\/wp-content\/uploads\/2020\/02\/ais-il-bagno-box-porta-saloon.jpg) center center no-repeat ; border-radius:0px; ' data-link-column-url=\"\/de\/kat-duschkabine\/duschtueren\/tuer-2-fluegeltueren-saloon\/\" ><a class=\"av-screen-reader-only\" href=\/de\/kat-duschkabine\/duschtueren\/tuer-2-fluegeltueren-saloon\/ >Folge einem manuell hinzugef\u00fcgten Link<\/a><p><div  style='height:100px' class='hr hr-invisible   avia-builder-el-26  el_before_av_textblock  avia-builder-el-first '><span class='hr-inner ' ><span class='hr-inner-style'><\/span><\/span><\/div><br \/>\n<section class=\"av_textblock_section \"  itemscope=\"itemscope\" itemtype=\"https:\/\/schema.org\/CreativeWork\" ><div class='avia_textblock ais-primary-link av_inherit_color '  style='color:#424242; '  itemprop=\"text\" ><p style=\"text-align: center;\"><a href=\"\/de\/kat-duschkabine\/duschtueren\/tuer-2-fluegeltueren-saloon\/\"><strong style=\"font-size: 14px;\">T\u00fcr 2 Fl\u00fcgelt\u00fcren Salon<\/strong><br \/>\n<\/a><\/p>\n<\/div><\/section><br \/>\n<div  style='height:100px' class='hr hr-invisible   avia-builder-el-28  el_after_av_textblock  avia-builder-el-last '><span class='hr-inner ' ><span class='hr-inner-style'><\/span><\/span><\/div><\/p><\/div><\/div><!--close column table wrapper. Autoclose: 1 -->\n<\/div><\/div><div class=\"flex_cell no_margin av_one_third  avia-builder-el-29  el_after_av_cell_one_third  el_before_av_cell_one_third  masonry-column  av-zero-padding \"  style='vertical-align:top; padding:0px; ' ><div class='flex_cell_inner' ><div class='flex_column_table av-equal-height-column-flextable -flextable' ><div class=\"flex_column av_one_full  avia-full-stretch no_margin flex_column_table_cell av-equal-height-column av-align-top av-zero-column-padding avia-link-column av-column-link first  avia-builder-el-30  avia-builder-el-no-sibling  masonry-block \" style='background:url(https:\/\/www.aisilbagno.it\/wp-content\/uploads\/2020\/02\/ais-il-bagno-box-doccia-anta-battente.jpg) center center no-repeat ; border-radius:0px; ' data-link-column-url=\"\/de\/kat-duschkabine\/duschtueren\/tuer-mit-scharnier\/\" ><a class=\"av-screen-reader-only\" href=\/de\/kat-duschkabine\/duschtueren\/tuer-mit-scharnier\/ >Folge einem manuell hinzugef\u00fcgten Link<\/a><p><div  style='height:100px' class='hr hr-invisible   avia-builder-el-31  el_before_av_textblock  avia-builder-el-first '><span class='hr-inner ' ><span class='hr-inner-style'><\/span><\/span><\/div><br \/>\n<section class=\"av_textblock_section \"  itemscope=\"itemscope\" itemtype=\"https:\/\/schema.org\/CreativeWork\" ><div class='avia_textblock ais-primary-link av_inherit_color '  style='color:#424242; '  itemprop=\"text\" ><p style=\"text-align: center;\"><a href=\"\/de\/kat-duschkabine\/duschtueren\/tuer-mit-scharnier\/\"><strong>T\u00fcr Anschlagt\u00fcr<\/strong><br \/>\n<\/a><\/p>\n<\/div><\/section><br \/>\n<div  style='height:100px' class='hr hr-invisible   avia-builder-el-33  el_after_av_textblock  avia-builder-el-last '><span class='hr-inner ' ><span class='hr-inner-style'><\/span><\/span><\/div><\/p><\/div><\/div><!--close column table wrapper. Autoclose: 1 -->\n<\/div><\/div><div class=\"flex_cell no_margin av_one_third  avia-builder-el-34  el_after_av_cell_one_third  avia-builder-el-last  masonry-column  av-zero-padding \"  style='vertical-align:top; padding:0px; ' ><div class='flex_cell_inner' ><div class='flex_column_table av-equal-height-column-flextable -flextable' ><div class=\"flex_column av_one_full  avia-full-stretch no_margin flex_column_table_cell av-equal-height-column av-align-top av-zero-column-padding avia-link-column av-column-link first  avia-builder-el-35  avia-builder-el-no-sibling  masonry-block \" style='background:url(https:\/\/www.aisilbagno.it\/wp-content\/uploads\/2020\/02\/ais-il-bagno-box-doccia-soffietto.jpg) center center no-repeat ; border-radius:0px; ' data-link-column-url=\"\/de\/kat-duschkabine\/duschtueren\/balg-duschtueren\/\" ><a class=\"av-screen-reader-only\" href=\/de\/kat-duschkabine\/duschtueren\/balg-duschtueren\/ >Folge einem manuell hinzugef\u00fcgten Link<\/a><p><div  style='height:100px' class='hr hr-invisible   avia-builder-el-36  el_before_av_textblock  avia-builder-el-first '><span class='hr-inner ' ><span class='hr-inner-style'><\/span><\/span><\/div><br \/>\n<section class=\"av_textblock_section \"  itemscope=\"itemscope\" itemtype=\"https:\/\/schema.org\/CreativeWork\" ><div class='avia_textblock ais-primary-link av_inherit_color '  style='color:#424242; '  itemprop=\"text\" ><p style=\"text-align: center;\"><a href=\"\/de\/kat-duschkabine\/duschtueren\/balg-duschtueren\/\"><strong style=\"font-size: 14px;\">Balgduscht\u00fcren<\/strong><br \/>\n<\/a><\/p>\n<\/div><\/section><br \/>\n<div  style='height:100px' class='hr hr-invisible   avia-builder-el-38  el_after_av_textblock  avia-builder-el-last '><span class='hr-inner ' ><span class='hr-inner-style'><\/span><\/span><\/div><\/p><\/div><\/div><!--close column table wrapper. Autoclose: 1 -->\n<\/div><\/div>\n<\/div>\n<div id='masonry-container' class='av-layout-grid-container entry-content-wrapper main_color av-flex-cells av-break-at-tablet    avia-builder-el-39  el_after_av_layout_row  el_before_av_layout_row  submenu-not-first container_wrap fullsize'   >\n<div class=\"flex_cell no_margin av_one_third  avia-builder-el-40  el_before_av_cell_one_third  avia-builder-el-first  masonry-column  av-zero-padding \"  style='vertical-align:top; padding:0px; ' ><div class='flex_cell_inner' ><div class='flex_column_table av-equal-height-column-flextable -flextable' ><div class=\"flex_column av_one_full  avia-full-stretch no_margin flex_column_table_cell av-equal-height-column av-align-top av-zero-column-padding avia-link-column av-column-link first  avia-builder-el-41  avia-builder-el-no-sibling  masonry-block \" style='background:url(https:\/\/www.aisilbagno.it\/wp-content\/uploads\/2020\/02\/ais-il-bagno-box-doccia-tonda.jpg) center center no-repeat ; border-radius:0px; ' data-link-column-url=\"\/de\/kat-duschkabine\/duschkabine\/halbkreisfoermige-box\/\" ><a class=\"av-screen-reader-only\" href=\/de\/kat-duschkabine\/duschkabine\/halbkreisfoermige-box\/ >Folge einem manuell hinzugef\u00fcgten Link<\/a><p><div  style='height:100px' class='hr hr-invisible   avia-builder-el-42  el_before_av_textblock  avia-builder-el-first '><span class='hr-inner ' ><span class='hr-inner-style'><\/span><\/span><\/div><br \/>\n<section class=\"av_textblock_section \"  itemscope=\"itemscope\" itemtype=\"https:\/\/schema.org\/CreativeWork\" ><div class='avia_textblock ais-primary-link av_inherit_color '  style='color:#424242; '  itemprop=\"text\" ><p style=\"text-align: center;\"><a href=\"\/de\/kat-duschkabine\/duschkabine\/halbkreisfoermige-box\/\"><strong style=\"font-size: 14px;\">Halbkreisf\u00f6rmige Box<\/strong><br \/>\n<\/a><\/p>\n<\/div><\/section><br \/>\n<div  style='height:100px' class='hr hr-invisible   avia-builder-el-44  el_after_av_textblock  avia-builder-el-last '><span class='hr-inner ' ><span class='hr-inner-style'><\/span><\/span><\/div><\/p><\/div><\/div><!--close column table wrapper. Autoclose: 1 -->\n<\/div><\/div><div class=\"flex_cell no_margin av_one_third  avia-builder-el-45  el_after_av_cell_one_third  el_before_av_cell_one_third  masonry-column  av-zero-padding \"  style='vertical-align:top; padding:0px; ' ><div class='flex_cell_inner' ><div class='flex_column_table av-equal-height-column-flextable -flextable' ><div class=\"flex_column av_one_full  avia-full-stretch no_margin flex_column_table_cell av-equal-height-column av-align-top av-zero-column-padding avia-link-column av-column-link first  avia-builder-el-46  avia-builder-el-no-sibling  masonry-block \" style='background:url(https:\/\/www.aisilbagno.it\/wp-content\/uploads\/2020\/02\/ais-il-bagno-box-doccia-disabili.jpg) center center no-repeat ; border-radius:0px; ' data-link-column-url=\"\/de\/kat-duschkabine\/behinderte-box\/\" ><a class=\"av-screen-reader-only\" href=\/de\/kat-duschkabine\/behinderte-box\/ >Folge einem manuell hinzugef\u00fcgten Link<\/a><p><div  style='height:100px' class='hr hr-invisible   avia-builder-el-47  el_before_av_textblock  avia-builder-el-first '><span class='hr-inner ' ><span class='hr-inner-style'><\/span><\/span><\/div><br \/>\n<section class=\"av_textblock_section \"  itemscope=\"itemscope\" itemtype=\"https:\/\/schema.org\/CreativeWork\" ><div class='avia_textblock ais-primary-link av_inherit_color '  style='color:#424242; '  itemprop=\"text\" ><p style=\"text-align: center;\"><a href=\"\/de\/kat-duschkabine\/behinderte-box\/\"><strong style=\"font-size: 14px;\">Deaktiviertes Box<\/strong><br \/>\n<\/a><\/p>\n<\/div><\/section><br \/>\n<div  style='height:100px' class='hr hr-invisible   avia-builder-el-49  el_after_av_textblock  avia-builder-el-last '><span class='hr-inner ' ><span class='hr-inner-style'><\/span><\/span><\/div><\/p><\/div><\/div><!--close column table wrapper. Autoclose: 1 -->\n<\/div><\/div><div class=\"flex_cell no_margin av_one_third  avia-builder-el-50  el_after_av_cell_one_third  avia-builder-el-last  masonry-column  av-zero-padding \"  style='vertical-align:top; padding:0px; ' ><div class='flex_cell_inner' ><div class='flex_column_table av-equal-height-column-flextable -flextable' ><div class=\"flex_column av_one_full  avia-full-stretch no_margin flex_column_table_cell av-equal-height-column av-align-top av-zero-column-padding avia-link-column av-column-link first  avia-builder-el-51  avia-builder-el-no-sibling  masonry-block \" style='background:url(https:\/\/www.aisilbagno.it\/wp-content\/uploads\/2020\/02\/ais-il-bagno-box-doccia-walk-in.jpg) center center no-repeat ; border-radius:0px; ' data-link-column-url=\"\/de\/kat-duschkabine\/custom-shower-shelf-in-hoehe\/walk-in\/\" ><a class=\"av-screen-reader-only\" href=\/de\/kat-duschkabine\/custom-shower-shelf-in-hoehe\/walk-in\/ >Folge einem manuell hinzugef\u00fcgten Link<\/a><p><div  style='height:100px' class='hr hr-invisible   avia-builder-el-52  el_before_av_textblock  avia-builder-el-first '><span class='hr-inner ' ><span class='hr-inner-style'><\/span><\/span><\/div><br \/>\n<section class=\"av_textblock_section \"  itemscope=\"itemscope\" itemtype=\"https:\/\/schema.org\/CreativeWork\" ><div class='avia_textblock ais-primary-link av_inherit_color '  style='color:#424242; '  itemprop=\"text\" ><p style=\"text-align: center;\"><a href=\"\/de\/kat-duschkabine\/custom-shower-shelf-in-hoehe\/walk-in\/\"><strong>Walk in<\/strong><br \/>\n<\/a><\/p>\n<\/div><\/section><br \/>\n<div  style='height:100px' class='hr hr-invisible   avia-builder-el-54  el_after_av_textblock  avia-builder-el-last '><span class='hr-inner ' ><span class='hr-inner-style'><\/span><\/span><\/div><\/p><\/div><\/div><!--close column table wrapper. Autoclose: 1 -->\n<\/div><\/div>\n<\/div>\n<div id='masonry-container' class='av-layout-grid-container entry-content-wrapper main_color av-flex-cells av-break-at-tablet    avia-builder-el-55  el_after_av_layout_row  avia-builder-el-last  submenu-not-first container_wrap fullsize'   >\n<div class=\"flex_cell no_margin av_one_third  avia-builder-el-56  el_before_av_cell_one_third  avia-builder-el-first  masonry-column  av-zero-padding \"  style='vertical-align:top; padding:0px; ' ><div class='flex_cell_inner' ><div class='flex_column_table av-equal-height-column-flextable -flextable' ><div class=\"flex_column av_one_full  avia-full-stretch no_margin flex_column_table_cell av-equal-height-column av-align-top av-zero-column-padding avia-link-column av-column-link first  avia-builder-el-57  avia-builder-el-no-sibling  masonry-block \" style='background:url(https:\/\/www.aisilbagno.it\/wp-content\/uploads\/2020\/02\/ais-il-bagno-box-doccia-sopravasca.jpg) center center no-repeat ; border-radius:0px; ' data-link-column-url=\"\/de\/kat-duschkabine\/bathscreen\/\" ><a class=\"av-screen-reader-only\" href=\/de\/kat-duschkabine\/bathscreen\/ >Folge einem manuell hinzugef\u00fcgten Link<\/a><p><div  style='height:100px' class='hr hr-invisible   avia-builder-el-58  el_before_av_textblock  avia-builder-el-first '><span class='hr-inner ' ><span class='hr-inner-style'><\/span><\/span><\/div><br \/>\n<section class=\"av_textblock_section \"  itemscope=\"itemscope\" itemtype=\"https:\/\/schema.org\/CreativeWork\" ><div class='avia_textblock ais-primary-link av_inherit_color '  style='color:#424242; '  itemprop=\"text\" ><p style=\"text-align: center;\"><a href=\"\/de\/kat-duschkabine\/bathscreen\/\"><strong>Bathscreen<\/strong><br \/>\n<\/a><\/p>\n<\/div><\/section><br \/>\n<div  style='height:100px' class='hr hr-invisible   avia-builder-el-60  el_after_av_textblock  avia-builder-el-last '><span class='hr-inner ' ><span class='hr-inner-style'><\/span><\/span><\/div><\/p><\/div><\/div><!--close column table wrapper. Autoclose: 1 -->\n<\/div><\/div><div class=\"flex_cell no_margin av_one_third  avia-builder-el-61  el_after_av_cell_one_third  el_before_av_cell_one_third  masonry-column  av-zero-padding \"  style='vertical-align:top; padding:0px; ' ><div class='flex_cell_inner' ><div class='flex_column_table av-equal-height-column-flextable -flextable' ><div class=\"flex_column av_one_full  avia-full-stretch no_margin flex_column_table_cell av-equal-height-column av-align-top av-zero-column-padding avia-link-column av-column-link first  avia-builder-el-62  avia-builder-el-no-sibling  masonry-block \" style='background:url(https:\/\/www.aisilbagno.it\/wp-content\/uploads\/2020\/02\/ais-il-bagno-accessori-doccia.jpg) center center no-repeat ; border-radius:0px; ' data-link-column-url=\"\/de\/kat-duschkabine\/dusche-zubehoer\/\" ><a class=\"av-screen-reader-only\" href=\/de\/kat-duschkabine\/dusche-zubehoer\/ >Folge einem manuell hinzugef\u00fcgten Link<\/a><p><div  style='height:100px' class='hr hr-invisible   avia-builder-el-63  el_before_av_textblock  avia-builder-el-first '><span class='hr-inner ' ><span class='hr-inner-style'><\/span><\/span><\/div><br \/>\n<section class=\"av_textblock_section \"  itemscope=\"itemscope\" itemtype=\"https:\/\/schema.org\/CreativeWork\" ><div class='avia_textblock ais-primary-link av_inherit_color '  style='color:#424242; '  itemprop=\"text\" ><p style=\"text-align: center;\"><a href=\"\/de\/kat-duschkabine\/dusche-zubehoer\/\"><strong>Dusche-zubehoer<\/strong><br \/>\n<\/a><\/p>\n<\/div><\/section><br \/>\n<div  style='height:100px' class='hr hr-invisible   avia-builder-el-65  el_after_av_textblock  avia-builder-el-last '><span class='hr-inner ' ><span class='hr-inner-style'><\/span><\/span><\/div><\/p><\/div><\/div><!--close column table wrapper. Autoclose: 1 -->\n<\/div><\/div><div class=\"flex_cell no_margin av_one_third  avia-builder-el-66  el_after_av_cell_one_third  avia-builder-el-last  masonry-column  av-zero-padding \"  style='vertical-align:top; padding:0px; ' ><div class='flex_cell_inner' ><div class='flex_column_table av-equal-height-column-flextable -flextable' ><div class=\"flex_column av_one_full  avia-full-stretch no_margin flex_column_table_cell av-equal-height-column av-align-top av-zero-column-padding avia-link-column av-column-link first  avia-builder-el-67  avia-builder-el-no-sibling  masonry-block \" style='background:url(https:\/\/www.aisilbagno.it\/wp-content\/uploads\/2020\/02\/ais-il-bagno-box-doccia-su-misura-in-altezza.jpg) center center no-repeat ; border-radius:0px; ' data-link-column-url=\"\/de\/kat-duschkabine\/custom-shower-shelf-in-hoehe\/\" ><a class=\"av-screen-reader-only\" href=\/de\/kat-duschkabine\/custom-shower-shelf-in-hoehe\/ >Folge einem manuell hinzugef\u00fcgten Link<\/a><p><div  style='height:100px' class='hr hr-invisible   avia-builder-el-68  el_before_av_textblock  avia-builder-el-first '><span class='hr-inner ' ><span class='hr-inner-style'><\/span><\/span><\/div><br \/>\n<section class=\"av_textblock_section \"  itemscope=\"itemscope\" itemtype=\"https:\/\/schema.org\/CreativeWork\" ><div class='avia_textblock ais-primary-link av_inherit_color '  style='color:#424242; '  itemprop=\"text\" ><p style=\"text-align: center;\"><a href=\"\/de\/kat-duschkabine\/custom-shower-shelf-in-hoehe\/\"><strong style=\"font-size: 13px;\">Benutzerdefinierte Dusche<\/strong><br \/>\n<\/a><\/p>\n<\/div><\/section><br \/>\n<div  style='height:100px' class='hr hr-invisible   avia-builder-el-70  el_after_av_textblock  avia-builder-el-last '><span class='hr-inner ' ><span class='hr-inner-style'><\/span><\/span><\/div><\/p><\/div><\/div><!--close column table wrapper. Autoclose: 1 -->\n<\/div><\/div>\n<\/div>\n","protected":false},"excerpt":{"rendered":"","protected":false},"author":3,"featured_media":0,"parent":0,"menu_order":0,"comment_status":"closed","ping_status":"closed","template":"","meta":[],"_links":{"self":[{"href":"https:\/\/www.aisilbagno.it\/de\/wp-json\/wp\/v2\/pages\/12164"}],"collection":[{"href":"https:\/\/www.aisilbagno.it\/de\/wp-json\/wp\/v2\/pages"}],"about":[{"href":"https:\/\/www.aisilbagno.it\/de\/wp-json\/wp\/v2\/types\/page"}],"author":[{"embeddable":true,"href":"https:\/\/www.aisilbagno.it\/de\/wp-json\/wp\/v2\/users\/3"}],"replies":[{"embeddable":true,"href":"https:\/\/www.aisilbagno.it\/de\/wp-json\/wp\/v2\/comments?post=12164"}],"version-history":[{"count":5,"href":"https:\/\/www.aisilbagno.it\/de\/wp-json\/wp\/v2\/pages\/12164\/revisions"}],"predecessor-version":[{"id":12197,"href":"https:\/\/www.aisilbagno.it\/de\/wp-json\/wp\/v2\/pages\/12164\/revisions\/12197"}],"wp:attachment":[{"href":"https:\/\/www.aisilbagno.it\/de\/wp-json\/wp\/v2\/media?parent=12164"}],"curies":[{"name":"wp","href":"https:\/\/api.w.org\/{rel}","templated":true}]}}